{"id":335,"date":"2021-10-14T11:34:37","date_gmt":"2021-10-14T09:34:37","guid":{"rendered":"https:\/\/tum014.staging.360vier.net\/?page_id=335"},"modified":"2022-06-07T15:43:46","modified_gmt":"2022-06-07T13:43:46","slug":"projektuebersicht","status":"publish","type":"page","link":"http:\/\/get.med.tum.de\/en\/forschung\/projektuebersicht\/","title":{"rendered":"Project overview"},"content":{"rendered":"<div class=\"wpb-content-wrapper\"><div class=\"vc_row wpb_row row bg_default\"><div class=\"wpb_column vc_column_container col-sm-12 col-12\"><div class=\"vc_column-inner\"><div class=\"wpb_wrapper\"><div class=\"vc_empty_space\"   style=\"height: 32px\"><span class=\"vc_empty_space_inner\"><\/span><\/div><div class=\"dhsv_vc_filter_research\">\n    <div id=\"select_research_filter\">\n        <div id=\"res_stutus_select_out\" class=\"select_out\">\n            <div class=\"select_res_con\">\n                Project status\n            <\/div>\n            <div class=\"select_rows\">\n                <span class=\"select_row_holder\">\n                    <label class=\"select_row\" for=\"future\">\n                        Ongoing projects\n                    <\/label>\n                    <input type=\"checkbox\" name=\"future\" id=\"future\" value=\".future\">\n                <\/span>\n                <span class=\"select_row_holder\">\n                    <label class=\"select_row\" for=\"past\">\n                        Finished projects\n                    <\/label>\n                    <input type=\"checkbox\" name=\"past\" id=\"past\" value=\".past\">\n                <\/span>\n            <\/div>\n        <\/div>\n        <div id=\"res_foerdergeber_select_out\" class=\"select_out\">\n            <div class=\"select_res_con\">\n                Sponsored by\n            <\/div>\n            <div class=\"select_rows\">\n                <!-- filled with js -->\n            <\/div>\n        <\/div>\n\n        <div id=\"res_type_select_out\" class=\"select_out\">\n            <div class=\"select_res_con\">\n                Project type\n            <\/div>\n            <div class=\"select_rows\">\n                <!-- filled with js -->\n            <\/div>\n        <\/div>\n\n    <\/div>\n\n    <table id=\"researchlist\">\n                                <tr class=\"tum-research-item past dfg\">\n                <td class=\"title\">\n                    Emmy Noether Research Group Political Philosophy and Bioethics (DFG)\n                <\/td>\n                <td class=\"description\">\n                    \n                <\/td>\n                <td class=\"teaserimg\">\n                    <img decoding=\"async\" src=\"\">\n                <\/td>\n                                    <td class=\"projektleitung\">\n                        <div>\n                            Project management\n                        <\/div>\n                        <div>\n                            Prof. Dr. Alena Buyx\n                        <\/div>\n                    <\/td>\n                                                    <td class=\"zeitraum\">\n                        <div>\n                            Period\n                        <\/div>\n                        <div>\n                            07\/2012 - Dec. 2020\n                        <\/div>\n                    <\/td>\n                    <td class=\"zeitraumclass\">\n                        past\n                    <\/td>\n                                                    <td class=\"fordergeber\">\n                        <div>\n                            Funding source\n                        <\/div>\n                        <div>\n                            DFG\n                        <\/div>\n                    <\/td>\n                    <td class=\"fordergebertxt\">\n                        DFG\n                    <\/td>\n                    <td class=\"fordergeberclass\">\n                        dfg\n                    <\/td>\n                                                    <td class=\"foerdervolumen\">\n                        <div>\n                            Conveyor volume\n                        <\/div>\n                        <div>\n                            1.300.000\u20ac\n                        <\/div>\n                    <\/td>\n                                                                                                    <td class=\"link\">\n                        <a href=\"https:\/\/www.dfg.de\/en\/research-funding\/funding-opportunities\/programmes\/individual\/emmy-noether\" target=\"_blank\" rel=\"noopener\">\n                            more info\n                        <\/a>\n                    <\/td>\n                            <\/tr>\n                                <tr class=\"tum-research-item future dfg drittmittelprojekt\">\n                <td class=\"title\">\n                    TransforM &#8211; Munich Center for Transformative Technologies and Societal Change\n                <\/td>\n                <td class=\"description\">\n                    TransforM - the Munich Center for Transformative Technologies and Societal Change is an Excellence Cluster funded by the German Research Foundation (DFG). TransforM tackles the dual challenge of advancing fundamental social science for technologized societies and rethinking technology development through a social science lens head on. As an interdisciplinary social science cluster with a principal focus on technology, our goal is to augment current theories and methods to comprehensively understand and help shape transformative technology to better serve diverse societal needs. Better knowledge about why, when, and how technologies become socially transformative will enhance our ability to assess and inform transformation pathways \u2018all the way through\u2019 - from the early stages of their emergence to their wider socio-economic impact.\n                <\/td>\n                <td class=\"teaserimg\">\n                    <img decoding=\"async\" src=\"https:\/\/get.med.tum.de\/wp-content\/uploads\/2026\/02\/TransforM_only-Icon.svg\">\n                <\/td>\n                                    <td class=\"projektleitung\">\n                        <div>\n                            Project management\n                        <\/div>\n                        <div>\n                            Prof. Dr. Alena Buyx and Prof. Dr. Marcello Ienca\n                        <\/div>\n                    <\/td>\n                                                    <td class=\"zeitraum\">\n                        <div>\n                            Period\n                        <\/div>\n                        <div>\n                            01.01.2026 - 30.06.2029\n                        <\/div>\n                    <\/td>\n                    <td class=\"zeitraumclass\">\n                        future\n                    <\/td>\n                                                    <td class=\"fordergeber\">\n                        <div>\n                            Funding source\n                        <\/div>\n                        <div>\n                            DFG\n                        <\/div>\n                    <\/td>\n                    <td class=\"fordergebertxt\">\n                        DFG\n                    <\/td>\n                    <td class=\"fordergeberclass\">\n                        dfg\n                    <\/td>\n                                                                    <td class=\"projektmitarbeiter\">\n                        <div>\n                            Project staff\n                        <\/div>\n                        <div>\n                            Marie-Christine Fritzsche\n                        <\/div>\n                    <\/td>\n                                                    <td class=\"type\">\n                        <div>\n                            Project type\n                        <\/div>\n                        <div>\n                            Third-party funded project\n                        <\/div>\n                    <\/td>\n                    <td class=\"typetxt\">\n                        Third-party funded project\n                    <\/td>\n                    <td class=\"typeclass\">\n                        third party project\n                    <\/td>\n                                                                    <td class=\"link\">\n                        <a href=\"https:\/\/transform-cluster.de\/\" target=\"_blank\" rel=\"noopener\">\n                            more info\n                        <\/a>\n                    <\/td>\n                            <\/tr>\n                                <tr class=\"tum-research-item past volkswagen-stiftung drittmittelprojekt\">\n                <td class=\"title\">\n                    Swarm learning for precision medicine in infectious diseases and pandemic preparedness\n                <\/td>\n                <td class=\"description\">\n                    In this project, funded by the Volkswagen Foundation, experts from Bonn, Berlin, Cologne, Giessen, Hamburg, Homburg, Munich, and Saarbr\u00fccken are connecting clinics and institutions across Germany in a national Swarm Learning network. As a case study, COVID breakthrough infections are studied to understand why some people contract COVID despite being vaccinated.\nThe project also focuses on ethical aspects of the use of AI in medicine. Engagement with patient support groups as well as experts with ethical expertise will ensure addressing ethical and social considerations during the project and not only after implementation of technical innovations, as is unfortunately often the case.\r\n\r\n\n                <\/td>\n                <td class=\"teaserimg\">\n                    <img decoding=\"async\" src=\"https:\/\/get.med.tum.de\/wp-content\/uploads\/2026\/02\/SWARM-Learning-300x195.png\">\n                <\/td>\n                                    <td class=\"projektleitung\">\n                        <div>\n                            Project management\n                        <\/div>\n                        <div>\n                            Prof. Alena Buyx and PD Dr. Stuart McLennan \n                        <\/div>\n                    <\/td>\n                                                    <td class=\"zeitraum\">\n                        <div>\n                            Period\n                        <\/div>\n                        <div>\n                            01.01.2024 - 31.12.2026\n                        <\/div>\n                    <\/td>\n                    <td class=\"zeitraumclass\">\n                        past\n                    <\/td>\n                                                    <td class=\"fordergeber\">\n                        <div>\n                            Funding source\n                        <\/div>\n                        <div>\n                            Volkswagen Foundation\n                        <\/div>\n                    <\/td>\n                    <td class=\"fordergebertxt\">\n                        Volkswagen Foundation\n                    <\/td>\n                    <td class=\"fordergeberclass\">\n                        volkswagen foundation\n                    <\/td>\n                                                    <td class=\"foerdervolumen\">\n                        <div>\n                            Conveyor volume\n                        <\/div>\n                        <div>\n                            167.000 \u20ac\n                        <\/div>\n                    <\/td>\n                                                    <td class=\"projektmitarbeiter\">\n                        <div>\n                            Project staff\n                        <\/div>\n                        <div>\n                            Dr. Marieke Bak, Dr. Theresa Willem, Dr. Bettina Zimmermann\n                        <\/div>\n                    <\/td>\n                                                    <td class=\"type\">\n                        <div>\n                            Project type\n                        <\/div>\n                        <div>\n                            Third-party funded project\n                        <\/div>\n                    <\/td>\n                    <td class=\"typetxt\">\n                        Third-party funded project\n                    <\/td>\n                    <td class=\"typeclass\">\n                        third party project\n                    <\/td>\n                                                                    <td class=\"link\">\n                        <a href=\"https:\/\/www.dzne.de\/en\/swarm-learning-hub\/research\/\" target=\"_blank\" rel=\"noopener\">\n                            more info\n                        <\/a>\n                    <\/td>\n                            <\/tr>\n                                <tr class=\"tum-research-item past bmg-bundesministerium-fr-gesundheit- verbundprojekt\">\n                <td class=\"title\">\n                    DR-AI - Development of application-oriented analysis algorithms in the imaging disciplines of dermatology and radiology with the help of artificial intelligence\n                <\/td>\n                <td class=\"description\">\n                    \n                <\/td>\n                <td class=\"teaserimg\">\n                    <img decoding=\"async\" src=\"https:\/\/get.med.tum.de\/wp-content\/uploads\/2022\/02\/Bild-DR-AI-300x293.png\">\n                <\/td>\n                                    <td class=\"projektleitung\">\n                        <div>\n                            Project management\n                        <\/div>\n                        <div>\n                            Prof. Dr. med. Alena Buyx\n                        <\/div>\n                    <\/td>\n                                                    <td class=\"zeitraum\">\n                        <div>\n                            Period\n                        <\/div>\n                        <div>\n                            01.10.2020-30.09.2023\n                        <\/div>\n                    <\/td>\n                    <td class=\"zeitraumclass\">\n                        past\n                    <\/td>\n                                                    <td class=\"fordergeber\">\n                        <div>\n                            Funding source\n                        <\/div>\n                        <div>\n                            BMG - Federal Ministry of Health \n                        <\/div>\n                    <\/td>\n                    <td class=\"fordergebertxt\">\n                        BMG - Federal Ministry of Health \n                    <\/td>\n                    <td class=\"fordergeberclass\">\n                        bmg-federal-ministry-fr-health-\n                    <\/td>\n                                                    <td class=\"foerdervolumen\">\n                        <div>\n                            Conveyor volume\n                        <\/div>\n                        <div>\n                            Total: 2.434.745\u20ac, subproject ethics: approx. 147.446\u20ac.\n                        <\/div>\n                    <\/td>\n                                                    <td class=\"projektmitarbeiter\">\n                        <div>\n                            Project staff\n                        <\/div>\n                        <div>\n                            Dr. des Theresa Willem\n                        <\/div>\n                    <\/td>\n                                                    <td class=\"type\">\n                        <div>\n                            Project type\n                        <\/div>\n                        <div>\n                            Joint project\n                        <\/div>\n                    <\/td>\n                    <td class=\"typetxt\">\n                        Joint project\n                    <\/td>\n                    <td class=\"typeclass\">\n                        joint project\n                    <\/td>\n                                                    <td class=\"themen\">\n                        <div>\n                            Topics\n                        <\/div>\n                        <div>\n                            Dermatology, Radiology, Machine Learning, AI Ethics\n                        <\/div>\n                    <\/td>\n                                                    <td class=\"link\">\n                        <a href=\"http:\/\/get.med.tum.de\/en\/research-projects\/dr-ai-entwicklung-von-anwendungsbezogenen-analysealgorithmen-in-den-bildgebenden-fachdisziplinen-dermatologie-und-radiologie-mithilfe-von-artificial-intelligence-2\/\">\n                            more info\n                        <\/a>\n                    <\/td>\n                            <\/tr>\n                                <tr class=\"tum-research-item future efg drittmittelprojekt\">\n                <td class=\"title\">\n                    PARTIALJUSTICE - Participatory Algorithmic Justice: A multi-sited ethnography to advance algorithmic justice through participatory design\n                <\/td>\n                <td class=\"description\">\n                    PARTIALJUSTICE develops the novel approach of participatory algorithmic justice. Participatory algorithmic justice defines a concept and standards of practice for collaborative research to better understand who and what AI harms, but also how these harms should be redressed. \n                <\/td>\n                <td class=\"teaserimg\">\n                    <img decoding=\"async\" src=\"\">\n                <\/td>\n                                    <td class=\"projektleitung\">\n                        <div>\n                            Project management\n                        <\/div>\n                        <div>\n                            Dr. Amelia Fiske\n                        <\/div>\n                    <\/td>\n                                                    <td class=\"zeitraum\">\n                        <div>\n                            Period\n                        <\/div>\n                        <div>\n                            01.09.2025 - 31.08.2030\n                        <\/div>\n                    <\/td>\n                    <td class=\"zeitraumclass\">\n                        future\n                    <\/td>\n                                                    <td class=\"fordergeber\">\n                        <div>\n                            Funding source\n                        <\/div>\n                        <div>\n                            EFG\n                        <\/div>\n                    <\/td>\n                    <td class=\"fordergebertxt\">\n                        EFG\n                    <\/td>\n                    <td class=\"fordergeberclass\">\n                        efg\n                    <\/td>\n                                                    <td class=\"foerdervolumen\">\n                        <div>\n                            Conveyor volume\n                        <\/div>\n                        <div>\n                            \u20ac 1,472,390\n                        <\/div>\n                    <\/td>\n                                                    <td class=\"projektmitarbeiter\">\n                        <div>\n                            Project staff\n                        <\/div>\n                        <div>\n                            Theresa Willem, Natalia G\u00f3mez, Jonas Fischer\r\n\n                        <\/div>\n                    <\/td>\n                                                    <td class=\"type\">\n                        <div>\n                            Project type\n                        <\/div>\n                        <div>\n                            Third-party funded project\n                        <\/div>\n                    <\/td>\n                    <td class=\"typetxt\">\n                        Third-party funded project\n                    <\/td>\n                    <td class=\"typeclass\">\n                        third party project\n                    <\/td>\n                                                    <td class=\"themen\">\n                        <div>\n                            Topics\n                        <\/div>\n                        <div>\n                            Artificial intelligence, justice, participatory research, ethics, graphic art\n                        <\/div>\n                    <\/td>\n                                                    <td class=\"link\">\n                        <a href=\"http:\/\/get.med.tum.de\/en\/research-projects\/partialjustice-participatory-algorithmic-justice-a-multi-sited-ethnography-to-advance-algorithmic-justice-through-participatory-design\/\">\n                            more info\n                        <\/a>\n                    <\/td>\n                            <\/tr>\n                                <tr class=\"tum-research-item future dfg drittmittelprojekt\">\n                <td class=\"title\">\n                    ADJUST - Advancing health data justice: A comparative study of health-related data governance in Canada, Germany, and the United Kingdom\n                <\/td>\n                <td class=\"description\">\n                    ADJUST develops and applies the idea of \"health data justice,\" which focuses on the needs of marginalized communities and how health data is collected, used, and accessed. \n                <\/td>\n                <td class=\"teaserimg\">\n                    <img decoding=\"async\" src=\"https:\/\/get.med.tum.de\/wp-content\/uploads\/2025\/07\/ADJUST-LOGO-color-large-narrow-300x121.png\">\n                <\/td>\n                                    <td class=\"projektleitung\">\n                        <div>\n                            Project management\n                        <\/div>\n                        <div>\n                            Dr. Amelia Fiske\n                        <\/div>\n                    <\/td>\n                                                    <td class=\"zeitraum\">\n                        <div>\n                            Period\n                        <\/div>\n                        <div>\n                            1.4.2025- 31.03. 2028\n                        <\/div>\n                    <\/td>\n                    <td class=\"zeitraumclass\">\n                        future\n                    <\/td>\n                                                    <td class=\"fordergeber\">\n                        <div>\n                            Funding source\n                        <\/div>\n                        <div>\n                            DFG\n                        <\/div>\n                    <\/td>\n                    <td class=\"fordergebertxt\">\n                        DFG\n                    <\/td>\n                    <td class=\"fordergeberclass\">\n                        dfg\n                    <\/td>\n                                                    <td class=\"foerdervolumen\">\n                        <div>\n                            Conveyor volume\n                        <\/div>\n                        <div>\n                            \u20ac 429,624\n                        <\/div>\n                    <\/td>\n                                                    <td class=\"projektmitarbeiter\">\n                        <div>\n                            Project staff\n                        <\/div>\n                        <div>\n                            Dr. Paula Hepp, Jonas Fischer, Dr. Stuart McLennan\r\n\n                        <\/div>\n                    <\/td>\n                                                    <td class=\"type\">\n                        <div>\n                            Project type\n                        <\/div>\n                        <div>\n                            Third-party funded project\n                        <\/div>\n                    <\/td>\n                    <td class=\"typetxt\">\n                        Third-party funded project\n                    <\/td>\n                    <td class=\"typeclass\">\n                        third party project\n                    <\/td>\n                                                    <td class=\"themen\">\n                        <div>\n                            Topics\n                        <\/div>\n                        <div>\n                            Health, data, governance, justice, ethics, graphic art\n                        <\/div>\n                    <\/td>\n                                                    <td class=\"link\">\n                        <a href=\"http:\/\/get.med.tum.de\/en\/research-projects\/adjust-advancing-health-data-justice-a-comparative-study-of-health-related-data-governance-in-canada-germany-and-the-united-kingdom\/\">\n                            more info\n                        <\/a>\n                    <\/td>\n                            <\/tr>\n                                <tr class=\"tum-research-item past european-unions-horizon-2020-research-and-innovation-programme eu-konsortium\">\n                <td class=\"title\">\n                    STIPED - Noninvasive brain stimulation in pediatrics.\n                <\/td>\n                <td class=\"description\">\n                    The aim of STIPED is to investigate the safety, the dynamic dose-response relationship, the underlying mechanisms and the treatment effects of the innovative intervention with transcranial direct current stimulation (tDCS) in children and adolescents with ADHD and ASD.\n                <\/td>\n                <td class=\"teaserimg\">\n                    <img decoding=\"async\" src=\"\">\n                <\/td>\n                                    <td class=\"projektleitung\">\n                        <div>\n                            Project management\n                        <\/div>\n                        <div>\n                            Prof. Dr. med. Alena Buyx\n                        <\/div>\n                    <\/td>\n                                                    <td class=\"zeitraum\">\n                        <div>\n                            Period\n                        <\/div>\n                        <div>\n                            01.04.2017\u201330.06.2022\n                        <\/div>\n                    <\/td>\n                    <td class=\"zeitraumclass\">\n                        past\n                    <\/td>\n                                                    <td class=\"fordergeber\">\n                        <div>\n                            Funding source\n                        <\/div>\n                        <div>\n                            European Union's Horizon 2020 research and innovation program\n                        <\/div>\n                    <\/td>\n                    <td class=\"fordergebertxt\">\n                        European Union's Horizon 2020 research and innovation program\n                    <\/td>\n                    <td class=\"fordergeberclass\">\n                        european-unions-horizon-2020-research-and-innovation-programs\n                    <\/td>\n                                                                                    <td class=\"type\">\n                        <div>\n                            Project type\n                        <\/div>\n                        <div>\n                            EU consortium\n                        <\/div>\n                    <\/td>\n                    <td class=\"typetxt\">\n                        EU consortium\n                    <\/td>\n                    <td class=\"typeclass\">\n                        eu consortium\n                    <\/td>\n                                                    <td class=\"themen\">\n                        <div>\n                            Topics\n                        <\/div>\n                        <div>\n                            tDCS, non-invasive brain stimulation, pediatric research, neuroethics.\n                        <\/div>\n                    <\/td>\n                                                    <td class=\"link\">\n                        <a href=\"http:\/\/get.med.tum.de\/en\/research-projects\/stiped-nichtinvasive-hirnstimulation-in-der-paediatrie-2\/\">\n                            more info\n                        <\/a>\n                    <\/td>\n                            <\/tr>\n                                <tr class=\"tum-research-item past european-unions-horizon-2020-research-and-innovation-programme eu-konsortium\">\n                <td class=\"title\">\n                    INTERVENE - International Consortium for Integrative Genome Prediction\n                <\/td>\n                <td class=\"description\">\n                    In the interdisciplinary research project INTERVENE, artificial intelligence (AI) is combined with large amounts of genomic (&gt;1.7 million genomes) and other health data to develop polygenic risk scores (PRS). The aim of this European project is to better prevent complex and genetic diseases and to personalize diagnosis and treatment\n                <\/td>\n                <td class=\"teaserimg\">\n                    <img decoding=\"async\" src=\"https:\/\/get.med.tum.de\/wp-content\/uploads\/2022\/02\/Bild-Intervene-300x164.png\">\n                <\/td>\n                                    <td class=\"projektleitung\">\n                        <div>\n                            Project management\n                        <\/div>\n                        <div>\n                            Prof. Dr. med. Alena Buyx\n                        <\/div>\n                    <\/td>\n                                                    <td class=\"zeitraum\">\n                        <div>\n                            Period\n                        <\/div>\n                        <div>\n                            01.01.2021 - 31.12.2025\n                        <\/div>\n                    <\/td>\n                    <td class=\"zeitraumclass\">\n                        past\n                    <\/td>\n                                                    <td class=\"fordergeber\">\n                        <div>\n                            Funding source\n                        <\/div>\n                        <div>\n                            European Union's Horizon 2020 research and innovation program\n                        <\/div>\n                    <\/td>\n                    <td class=\"fordergebertxt\">\n                        European Union's Horizon 2020 research and innovation program\n                    <\/td>\n                    <td class=\"fordergeberclass\">\n                        european-unions-horizon-2020-research-and-innovation-programs\n                    <\/td>\n                                                                    <td class=\"projektmitarbeiter\">\n                        <div>\n                            Project staff\n                        <\/div>\n                        <div>\n                            Marie-Christine Fritzsche\n                        <\/div>\n                    <\/td>\n                                                    <td class=\"type\">\n                        <div>\n                            Project type\n                        <\/div>\n                        <div>\n                            EU consortium\n                        <\/div>\n                    <\/td>\n                    <td class=\"typetxt\">\n                        EU consortium\n                    <\/td>\n                    <td class=\"typeclass\">\n                        eu consortium\n                    <\/td>\n                                                    <td class=\"themen\">\n                        <div>\n                            Topics\n                        <\/div>\n                        <div>\n                            Artificial intelligence (AI), ethics, genomics, polygenic risk scores, personalized medicine.\n                        <\/div>\n                    <\/td>\n                                                    <td class=\"link\">\n                        <a href=\"https:\/\/www.interveneproject.eu\/\" target=\"_blank\" rel=\"noopener\">\n                            more info\n                        <\/a>\n                    <\/td>\n                            <\/tr>\n                                <tr class=\"tum-research-item past bundesministerium-fr-forschung-technologie-und-raumfahrt-bmtr- verbundprojekt\">\n                <td class=\"title\">\n                    PerEpi - Personalized diagnosis and treatment of refractory focal epilepsy in children and adults.\n                <\/td>\n                <td class=\"description\">\n                    Epilepsy in childhood and adulthood is one of the most common neurological diseases. In PerEpi, an interdisciplinary group of experts is collaborating on a European level to contribute, on the one hand, to improved diagnosis and therapy, and, on the other hand, to a significant reduction in diagnosis and treatment costs and time for the large group of patients with refractory focal epilepsy: Project management by Prof. Carsten H. Wolters (Westf\u00e4lische Wilhelms-Universit\u00e4t M\u00fcnster, WWU), expert in mathematical modeling in neuroscience, expert in pediatric epilepsy Prof. Fabrice Wallois (Universit\u00e9 de Picardie Jules Verne, UPJV), expert in inverse problems Prof. Sampsa Pursiainen (Tampere University, TAU) and ethics expert Prof. Alena Buyx (Technische Universit\u00e4t M\u00fcnchen, TUM).\n                <\/td>\n                <td class=\"teaserimg\">\n                    <img decoding=\"async\" src=\"\">\n                <\/td>\n                                    <td class=\"projektleitung\">\n                        <div>\n                            Project management\n                        <\/div>\n                        <div>\n                            Prof. Dr. med. Alena Buyx\n                        <\/div>\n                    <\/td>\n                                                    <td class=\"zeitraum\">\n                        <div>\n                            Period\n                        <\/div>\n                        <div>\n                            01.07.2021 - 31.12.2025\n                        <\/div>\n                    <\/td>\n                    <td class=\"zeitraumclass\">\n                        past\n                    <\/td>\n                                                    <td class=\"fordergeber\">\n                        <div>\n                            Funding source\n                        <\/div>\n                        <div>\n                            Federal Ministry of Research, Technology and Space (BMTR) \n                        <\/div>\n                    <\/td>\n                    <td class=\"fordergebertxt\">\n                        Federal Ministry of Research, Technology and Space (BMTR) \n                    <\/td>\n                    <td class=\"fordergeberclass\">\n                        federal-ministry-for-research-technology-and-space-bmtr-\n                    <\/td>\n                                                                                    <td class=\"type\">\n                        <div>\n                            Project type\n                        <\/div>\n                        <div>\n                            Joint project\n                        <\/div>\n                    <\/td>\n                    <td class=\"typetxt\">\n                        Joint project\n                    <\/td>\n                    <td class=\"typeclass\">\n                        joint project\n                    <\/td>\n                                                                    <td class=\"link\">\n                        <a href=\"http:\/\/get.med.tum.de\/en\/research-projects\/perepi-personalisierte-diagnose-und-behandlung-von-refraktaerer-fokaler-epilepsie-bei-kindern-und-erwachsenen-2\/\">\n                            more info\n                        <\/a>\n                    <\/td>\n                            <\/tr>\n                                <tr class=\"tum-research-item past\">\n                <td class=\"title\">\n                    Memorial book and research project: The Munich \"euthanasia\" victims\n                <\/td>\n                <td class=\"description\">\n                    Between 2011 and 2017, the working group Psychiatry and Welfare under National Socialism in Munich, together with the Munich Documentation Center for the History of National Socialism and the district of Upper Bavaria, compiled a memorial book for the Munich victims of National Socialist patient murders, which was published by Wallstein Verlag in June 2018. The book honors the victims by mentioning their names and dates of life. After a long period of silence, the memory of the murdered people becomes part of the collective memory of the city of Munich. Life stories tell of the lives and deaths of the victims. The historical context and the aftermath of the National Socialist 'euthanasia' murders in Munich and Upper Bavaria are described in detail.\n                <\/td>\n                <td class=\"teaserimg\">\n                    <img decoding=\"async\" src=\"\">\n                <\/td>\n                                    <td class=\"projektleitung\">\n                        <div>\n                            Project management\n                        <\/div>\n                        <div>\n                            Prof. Dr. Annette Eberle, Prof. Dr. Gerrit Hohendorf, Prof. Dr. Michael von Cranach, Dr. Sibylle von Tiedemann\n                        <\/div>\n                    <\/td>\n                                                    <td class=\"zeitraum\">\n                        <div>\n                            Period\n                        <\/div>\n                        <div>\n                            2011 to 2017\n                        <\/div>\n                    <\/td>\n                    <td class=\"zeitraumclass\">\n                        past\n                    <\/td>\n                                                                                                                    <td class=\"themen\">\n                        <div>\n                            Topics\n                        <\/div>\n                        <div>\n                            National Socialism, euthanasia\n                        <\/div>\n                    <\/td>\n                                                    <td class=\"link\">\n                        <a href=\"https:\/\/www.nsdoku.de\/publikationen\/gedenkbuch-ns-euthanasie\" target=\"_blank\" rel=\"noopener\">\n                            more info\n                        <\/a>\n                    <\/td>\n                            <\/tr>\n                                <tr class=\"tum-research-item past dfg\">\n                <td class=\"title\">\n                    Remembering means commemorating and informing: The National Socialist \"euthanasia\" and the historical site at Tiergartenstra\u00dfe 4 in Berlin - A knowledge transfer project\n                <\/td>\n                <td class=\"description\">\n                    On September 2, 2014, the memorial and information site for the victims of the National Socialist euthanasia murders at Tiergartenstra\u00dfe 4 in Berlin was opened to the public. The knowledge transfer project contributes to making the victims of forced sterilization and euthanasia more visible in the culture of remembrance of National Socialism. \n                <\/td>\n                <td class=\"teaserimg\">\n                    <img decoding=\"async\" src=\"\">\n                <\/td>\n                                    <td class=\"projektleitung\">\n                        <div>\n                            Project management\n                        <\/div>\n                        <div>\n                            Prof. Dr. Gerrit Hohendorf, Prof. Dr. Maike Rotzoll\n                        <\/div>\n                    <\/td>\n                                                    <td class=\"zeitraum\">\n                        <div>\n                            Period\n                        <\/div>\n                        <div>\n                            2013 to 2016 \n                        <\/div>\n                    <\/td>\n                    <td class=\"zeitraumclass\">\n                        past\n                    <\/td>\n                                                    <td class=\"fordergeber\">\n                        <div>\n                            Funding source\n                        <\/div>\n                        <div>\n                            DFG\n                        <\/div>\n                    <\/td>\n                    <td class=\"fordergebertxt\">\n                        DFG\n                    <\/td>\n                    <td class=\"fordergeberclass\">\n                        dfg\n                    <\/td>\n                                                                                                    <td class=\"themen\">\n                        <div>\n                            Topics\n                        <\/div>\n                        <div>\n                            National Socialism, culture of remembrance\n                        <\/div>\n                    <\/td>\n                                                    <td class=\"link\">\n                        <a href=\"https:\/\/gepris.dfg.de\/gepris\/projekt\/234017019?language=de\" target=\"_blank\" rel=\"noopener\">\n                            more info\n                        <\/a>\n                    <\/td>\n                            <\/tr>\n                                <tr class=\"tum-research-item past\">\n                <td class=\"title\">\n                    The Bavarian Medical Association and the Practice of Medicine under National Socialism\n                <\/td>\n                <td class=\"description\">\n                    The historical study on the medical professional organizations in Bavaria between 1933 and 1945 is based on a resolution passed by the Bavarian Medical Assembly in 2010 and examines the involvement of regional medical leaders in the ideological and structural transformation process during the National Socialist era.\n                <\/td>\n                <td class=\"teaserimg\">\n                    <img decoding=\"async\" src=\"\">\n                <\/td>\n                                    <td class=\"projektleitung\">\n                        <div>\n                            Project management\n                        <\/div>\n                        <div>\n                            Prof. Dr. Gerrit Hohendorf \n                        <\/div>\n                    <\/td>\n                                                                                                                                    <td class=\"themen\">\n                        <div>\n                            Topics\n                        <\/div>\n                        <div>\n                            National Socialism, history of medicine, medical profession\n                        <\/div>\n                    <\/td>\n                                                    <td class=\"link\">\n                        <a href=\"http:\/\/get.med.tum.de\/en\/research-projects\/die-verfasste-bayerische-aerzteschaft-und-die-praxis-der-medizin-im-nationalsozialismus\/\">\n                            more info\n                        <\/a>\n                    <\/td>\n                            <\/tr>\n                                <tr class=\"tum-research-item past bmbf verbundprojekt\">\n                <td class=\"title\">\n                    GESIOP - Health management from an inter-organizational perspective\n                <\/td>\n                <td class=\"description\">\n                    The joint project GESIOP ('Health management from an inter-organizational perspective') is embedded in the 'Future of Work' programme promoted by the Federal Ministry of Education and Research, which in 2014 replaced the research programme 'Working - Learning - Developing skills. Innovative ability in a modern working world'. Like its predecessor projects, 'Future of Work', and as part of it GESIOP, is dedicated to topics such as work design and organization through changing working conditions (flexibility, digitalization, etc.), but also the balance of interests between employers and employees.\r\nTUM sub-project: Development of concepts and strategies for the integration of occupational health management and corporate social responsibility (CSR)\r\n\r\nThe tool developed in the project is available free of charge at: http:\/\/gesiop-gesundearbeit.de\/gesiop-tool\/ \n                <\/td>\n                <td class=\"teaserimg\">\n                    <img decoding=\"async\" src=\"\">\n                <\/td>\n                                    <td class=\"projektleitung\">\n                        <div>\n                            Project management\n                        <\/div>\n                        <div>\n                            Prof. Dr. med Alena Buyx\n                        <\/div>\n                    <\/td>\n                                                    <td class=\"zeitraum\">\n                        <div>\n                            Period\n                        <\/div>\n                        <div>\n                            10\/2016 - 12\/2019\n                        <\/div>\n                    <\/td>\n                    <td class=\"zeitraumclass\">\n                        past\n                    <\/td>\n                                                    <td class=\"fordergeber\">\n                        <div>\n                            Funding source\n                        <\/div>\n                        <div>\n                            BMBF\n                        <\/div>\n                    <\/td>\n                    <td class=\"fordergebertxt\">\n                        BMBF\n                    <\/td>\n                    <td class=\"fordergeberclass\">\n                        bmbf\n                    <\/td>\n                                                    <td class=\"foerdervolumen\">\n                        <div>\n                            Conveyor volume\n                        <\/div>\n                        <div>\n                            250.000\u20ac\n                        <\/div>\n                    <\/td>\n                                                                    <td class=\"type\">\n                        <div>\n                            Project type\n                        <\/div>\n                        <div>\n                            Joint project\n                        <\/div>\n                    <\/td>\n                    <td class=\"typetxt\">\n                        Joint project\n                    <\/td>\n                    <td class=\"typeclass\">\n                        joint project\n                    <\/td>\n                                                    <td class=\"themen\">\n                        <div>\n                            Topics\n                        <\/div>\n                        <div>\n                            Health management, corporate responsibility\n                        <\/div>\n                    <\/td>\n                                                    <td class=\"link\">\n                        <a href=\"https:\/\/www.kcppe.uni-kiel.de\/de\/forschung-publikationen\/bmbf-verbundprojekt-gesiop-2016-2019\" target=\"_blank\" rel=\"noopener\">\n                            more info\n                        <\/a>\n                    <\/td>\n                            <\/tr>\n                                <tr class=\"tum-research-item past bmbf\">\n                <td class=\"title\">\n                    NEHEMIAH - New ethical and regulatory challenges in data rich medicine\n                <\/td>\n                <td class=\"description\">\n                    \n                <\/td>\n                <td class=\"teaserimg\">\n                    <img decoding=\"async\" src=\"\">\n                <\/td>\n                                    <td class=\"projektleitung\">\n                        <div>\n                            Project management\n                        <\/div>\n                        <div>\n                            Prof. Dr. Alena Buyx\n                        <\/div>\n                    <\/td>\n                                                    <td class=\"zeitraum\">\n                        <div>\n                            Period\n                        <\/div>\n                        <div>\n                            03\/2019 - 03\/2020\n                        <\/div>\n                    <\/td>\n                    <td class=\"zeitraumclass\">\n                        past\n                    <\/td>\n                                                    <td class=\"fordergeber\">\n                        <div>\n                            Funding source\n                        <\/div>\n                        <div>\n                            BMBF\n                        <\/div>\n                    <\/td>\n                    <td class=\"fordergebertxt\">\n                        BMBF\n                    <\/td>\n                    <td class=\"fordergeberclass\">\n                        bmbf\n                    <\/td>\n                                                    <td class=\"foerdervolumen\">\n                        <div>\n                            Conveyor volume\n                        <\/div>\n                        <div>\n                            60.000\u20ac\n                        <\/div>\n                    <\/td>\n                                                                                                    <td class=\"link\">\n                        <a href=\"http:\/\/get.med.tum.de\/en\/research-projects\/nehemiah-new-ethical-and-regulatory-challenges-in-data-rich-medicine\/\">\n                            more info\n                        <\/a>\n                    <\/td>\n                            <\/tr>\n                                <tr class=\"tum-research-item past european-unions-horizon-2020-research-and-innovation-programme eu-konsortium\">\n                <td class=\"title\">\n                    TherVacB - A therapeutic vaccine against hepatitis B\n                <\/td>\n                <td class=\"description\">\n                    The human immune system appears to have the ability to clear acute HBV infection in approximately 90 % of infected adults. An effective virus-specific B and T cell response is considered a key factor in viral control and eventual resolution of HBV infection. Unfortunately, B and T cell responses are barely detectable and functionally impaired in chronic HBV infection.\r\n\r\nThe mission of TherVacB is to overcome HBV-specific immune tolerance and restore antiviral B-cell and T-cell responses through therapeutic vaccination to finally cure HBV. \n                <\/td>\n                <td class=\"teaserimg\">\n                    <img decoding=\"async\" src=\"https:\/\/get.med.tum.de\/wp-content\/uploads\/2022\/02\/Bild-TherVacB-300x200.jpg\">\n                <\/td>\n                                    <td class=\"projektleitung\">\n                        <div>\n                            Project management\n                        <\/div>\n                        <div>\n                            Prof. Dr. med. Alena Buyx \n                        <\/div>\n                    <\/td>\n                                                    <td class=\"zeitraum\">\n                        <div>\n                            Period\n                        <\/div>\n                        <div>\n                            01\/2020 - 12\/2024\n                        <\/div>\n                    <\/td>\n                    <td class=\"zeitraumclass\">\n                        past\n                    <\/td>\n                                                    <td class=\"fordergeber\">\n                        <div>\n                            Funding source\n                        <\/div>\n                        <div>\n                            European Union's Horizon 2020 research and innovation program\n                        <\/div>\n                    <\/td>\n                    <td class=\"fordergebertxt\">\n                        European Union's Horizon 2020 research and innovation program\n                    <\/td>\n                    <td class=\"fordergeberclass\">\n                        european-unions-horizon-2020-research-and-innovation-programs\n                    <\/td>\n                                                    <td class=\"foerdervolumen\">\n                        <div>\n                            Conveyor volume\n                        <\/div>\n                        <div>\n                            Consortium: 10.400.000\u20ac, Ethics subproject: 360.000\u20ac.\n                        <\/div>\n                    <\/td>\n                                                    <td class=\"projektmitarbeiter\">\n                        <div>\n                            Project staff\n                        <\/div>\n                        <div>\n                            Bettina Zimmermann, Theresa Willem, Nina Goldman, Nina Matthes\r\n\n                        <\/div>\n                    <\/td>\n                                                    <td class=\"type\">\n                        <div>\n                            Project type\n                        <\/div>\n                        <div>\n                            EU consortium\n                        <\/div>\n                    <\/td>\n                    <td class=\"typetxt\">\n                        EU consortium\n                    <\/td>\n                    <td class=\"typeclass\">\n                        eu consortium\n                    <\/td>\n                                                    <td class=\"themen\">\n                        <div>\n                            Topics\n                        <\/div>\n                        <div>\n                            HepatitisB, vulnerable populations, clinical study recruitment, social media recruitment, research ethics\n                        <\/div>\n                    <\/td>\n                                                    <td class=\"link\">\n                        <a href=\"https:\/\/www.thervacb.eu\/de\/\" target=\"_blank\" rel=\"noopener\">\n                            more info\n                        <\/a>\n                    <\/td>\n                            <\/tr>\n                                <tr class=\"tum-research-item past bmbf verbundprojekt\">\n                <td class=\"title\">\n                    CollPan: Collateral Effects of Pandemics\n                <\/td>\n                <td class=\"description\">\n                    In CollPan, a nationwide platform is being set up to establish evidence-based and sustainable research on collateral effects of the current pandemic and for future pandemics and crises. \n                <\/td>\n                <td class=\"teaserimg\">\n                    <img decoding=\"async\" src=\"https:\/\/get.med.tum.de\/wp-content\/uploads\/2024\/11\/collpan_logo-300x103.png\">\n                <\/td>\n                                    <td class=\"projektleitung\">\n                        <div>\n                            Project management\n                        <\/div>\n                        <div>\n                            Prof. Dr. med Alena Buyx\n                        <\/div>\n                    <\/td>\n                                                    <td class=\"zeitraum\">\n                        <div>\n                            Period\n                        <\/div>\n                        <div>\n                            01.09.2023 - 31.12.2024\n                        <\/div>\n                    <\/td>\n                    <td class=\"zeitraumclass\">\n                        past\n                    <\/td>\n                                                    <td class=\"fordergeber\">\n                        <div>\n                            Funding source\n                        <\/div>\n                        <div>\n                            BMBF\n                        <\/div>\n                    <\/td>\n                    <td class=\"fordergebertxt\">\n                        BMBF\n                    <\/td>\n                    <td class=\"fordergeberclass\">\n                        bmbf\n                    <\/td>\n                                                    <td class=\"foerdervolumen\">\n                        <div>\n                            Conveyor volume\n                        <\/div>\n                        <div>\n                            45.360,03\n                        <\/div>\n                    <\/td>\n                                                                    <td class=\"type\">\n                        <div>\n                            Project type\n                        <\/div>\n                        <div>\n                            Joint project\n                        <\/div>\n                    <\/td>\n                    <td class=\"typetxt\">\n                        Joint project\n                    <\/td>\n                    <td class=\"typeclass\">\n                        joint project\n                    <\/td>\n                                                    <td class=\"themen\">\n                        <div>\n                            Topics\n                        <\/div>\n                        <div>\n                            Collateral effects, pandemic\n                        <\/div>\n                    <\/td>\n                                                    <td class=\"link\">\n                        <a href=\"https:\/\/www.netzwerk-universitaetsmedizin.de\/projekte\/collpan\" target=\"_blank\" rel=\"noopener\">\n                            more info\n                        <\/a>\n                    <\/td>\n                            <\/tr>\n                                <tr class=\"tum-research-item future eu-projekt-horizon eu-konsortium\">\n                <td class=\"title\">\n                    OBELISK - Fighting childhood obesity to stay healthy all over the life\n                <\/td>\n                <td class=\"description\">\n                    Obelisk aims to advance our understanding of the molecular mechanisms contributing to or preventing childhood obesity. It seeks to develop tools for early prediction and prevention, identify new genes associated with childhood obesity, and explore targeted approaches for prevention.\n                <\/td>\n                <td class=\"teaserimg\">\n                    <img decoding=\"async\" src=\"https:\/\/get.med.tum.de\/wp-content\/uploads\/2024\/08\/Obelisk-logo.png\">\n                <\/td>\n                                    <td class=\"projektleitung\">\n                        <div>\n                            Project management\n                        <\/div>\n                        <div>\n                            Stuart McLennan\n                        <\/div>\n                    <\/td>\n                                                    <td class=\"zeitraum\">\n                        <div>\n                            Period\n                        <\/div>\n                        <div>\n                            01.05.2023 -30.04.2028\n                        <\/div>\n                    <\/td>\n                    <td class=\"zeitraumclass\">\n                        future\n                    <\/td>\n                                                    <td class=\"fordergeber\">\n                        <div>\n                            Funding source\n                        <\/div>\n                        <div>\n                            EU project Horizon\n                        <\/div>\n                    <\/td>\n                    <td class=\"fordergebertxt\">\n                        EU project Horizon\n                    <\/td>\n                    <td class=\"fordergeberclass\">\n                        eu project horizon\n                    <\/td>\n                                                    <td class=\"foerdervolumen\">\n                        <div>\n                            Conveyor volume\n                        <\/div>\n                        <div>\n                            Total project \u20ac10,021,376.75 | IGEM sub-project \u20ac416,576.25\n                        <\/div>\n                    <\/td>\n                                                    <td class=\"projektmitarbeiter\">\n                        <div>\n                            Project staff\n                        <\/div>\n                        <div>\n                            Dr. Marte Smedinga\n                        <\/div>\n                    <\/td>\n                                                    <td class=\"type\">\n                        <div>\n                            Project type\n                        <\/div>\n                        <div>\n                            EU consortium\n                        <\/div>\n                    <\/td>\n                    <td class=\"typetxt\">\n                        EU consortium\n                    <\/td>\n                    <td class=\"typeclass\">\n                        eu consortium\n                    <\/td>\n                                                                    <td class=\"link\">\n                        <a href=\"https:\/\/obeliskproject.eu\/\" target=\"_blank\" rel=\"noopener\">\n                            more info\n                        <\/a>\n                    <\/td>\n                            <\/tr>\n                                <tr class=\"tum-research-item future eu-projekt-horizon eu-konsortium\">\n                <td class=\"title\">\n                    STAGE: Stay Healthy Through Ageing\n                <\/td>\n                <td class=\"description\">\n                    \n                <\/td>\n                <td class=\"teaserimg\">\n                    <img decoding=\"async\" src=\"https:\/\/get.med.tum.de\/wp-content\/uploads\/2024\/08\/logo_stage_full-300x298.png\">\n                <\/td>\n                                    <td class=\"projektleitung\">\n                        <div>\n                            Project management\n                        <\/div>\n                        <div>\n                            Stuart McLennan\n                        <\/div>\n                    <\/td>\n                                                    <td class=\"zeitraum\">\n                        <div>\n                            Period\n                        <\/div>\n                        <div>\n                            01.01.2024-31.12.2029\n                        <\/div>\n                    <\/td>\n                    <td class=\"zeitraumclass\">\n                        future\n                    <\/td>\n                                                    <td class=\"fordergeber\">\n                        <div>\n                            Funding source\n                        <\/div>\n                        <div>\n                            EU project Horizon\n                        <\/div>\n                    <\/td>\n                    <td class=\"fordergebertxt\">\n                        EU project Horizon\n                    <\/td>\n                    <td class=\"fordergeberclass\">\n                        eu project horizon\n                    <\/td>\n                                                    <td class=\"foerdervolumen\">\n                        <div>\n                            Conveyor volume\n                        <\/div>\n                        <div>\n                            Total project: \u20ac 17,760,512.00 | IGEM sub-project: \u20ac 469,490.00\n                        <\/div>\n                    <\/td>\n                                                    <td class=\"projektmitarbeiter\">\n                        <div>\n                            Project staff\n                        <\/div>\n                        <div>\n                            Paola Buedo\n                        <\/div>\n                    <\/td>\n                                                    <td class=\"type\">\n                        <div>\n                            Project type\n                        <\/div>\n                        <div>\n                            EU consortium\n                        <\/div>\n                    <\/td>\n                    <td class=\"typetxt\">\n                        EU consortium\n                    <\/td>\n                    <td class=\"typeclass\">\n                        eu consortium\n                    <\/td>\n                                                    <td class=\"themen\">\n                        <div>\n                            Topics\n                        <\/div>\n                        <div>\n                            Ageing, Chronic diseases, Health care, Health data, Personalized care solutions, Personalized interventions, Life-course, Exposome, Biological Hallmarks\n                        <\/div>\n                    <\/td>\n                                                    <td class=\"link\">\n                        <a href=\"http:\/\/get.med.tum.de\/en\/research-projects\/stage-finding-ways-to-help-people-stay-healthy-through-ageing-an-integrated-life-course-approach-for-person-centred-solutions-and-care-for-ageing-with-multi-morbidity-in-the-european-regions\/\">\n                            more info\n                        <\/a>\n                    <\/td>\n                            <\/tr>\n                                <tr class=\"tum-research-item past exzellenzstrategie-des-bundes-und-der-lnder tum-innovation-network\">\n                <td class=\"title\">\n                    Neurotechnology in Mental Health (NEUROTECH)\n                <\/td>\n                <td class=\"description\">\n                    \n                <\/td>\n                <td class=\"teaserimg\">\n                    <img decoding=\"async\" src=\"https:\/\/get.med.tum.de\/wp-content\/uploads\/2024\/03\/photo-1617791160536-598cf32026fb-scaled-e1710407252601-300x267.webp\">\n                <\/td>\n                                    <td class=\"projektleitung\">\n                        <div>\n                            Project management\n                        <\/div>\n                        <div>\n                            Prof. Dr. med. Alena Buyx\n                        <\/div>\n                    <\/td>\n                                                    <td class=\"zeitraum\">\n                        <div>\n                            Period\n                        <\/div>\n                        <div>\n                            01.02.2022 - 31.01.2026\n                        <\/div>\n                    <\/td>\n                    <td class=\"zeitraumclass\">\n                        past\n                    <\/td>\n                                                    <td class=\"fordergeber\">\n                        <div>\n                            Funding source\n                        <\/div>\n                        <div>\n                            Excellence strategy of the federal and state governments\n                        <\/div>\n                    <\/td>\n                    <td class=\"fordergebertxt\">\n                        Excellence strategy of the federal and state governments\n                    <\/td>\n                    <td class=\"fordergeberclass\">\n                        excellence-strategy-of-the-federation-and-the-nation\n                    <\/td>\n                                                    <td class=\"foerdervolumen\">\n                        <div>\n                            Conveyor volume\n                        <\/div>\n                        <div>\n                            165.000\u20ac\n                        <\/div>\n                    <\/td>\n                                                    <td class=\"projektmitarbeiter\">\n                        <div>\n                            Project staff\n                        <\/div>\n                        <div>\n                            Franziska Sch\u00f6nweitz\n                        <\/div>\n                    <\/td>\n                                                    <td class=\"type\">\n                        <div>\n                            Project type\n                        <\/div>\n                        <div>\n                            TUM Innovation Network\n                        <\/div>\n                    <\/td>\n                    <td class=\"typetxt\">\n                        TUM Innovation Network\n                    <\/td>\n                    <td class=\"typeclass\">\n                        tum-innovation-network\n                    <\/td>\n                                                    <td class=\"themen\">\n                        <div>\n                            Topics\n                        <\/div>\n                        <div>\n                            Neurotechnologies, neuro-sensors, neuro-therapies, embedded ethics and social sciences\n                        <\/div>\n                    <\/td>\n                                                    <td class=\"link\">\n                        <a href=\"http:\/\/get.med.tum.de\/en\/research-projects\/neurotech-neurotechnology-in-mental-health\/\">\n                            more info\n                        <\/a>\n                    <\/td>\n                            <\/tr>\n                                <tr class=\"tum-research-item future horizon-europe-research-and-innovation eu-konsortium\">\n                <td class=\"title\">\n                    4D PICTURE - Design-based data-driven decision-support tools for improving cancer care\n                <\/td>\n                <td class=\"description\">\n                    \n                <\/td>\n                <td class=\"teaserimg\">\n                    <img decoding=\"async\" src=\"https:\/\/get.med.tum.de\/wp-content\/uploads\/2024\/09\/Logo-4dPicture.jpg\">\n                <\/td>\n                                    <td class=\"projektleitung\">\n                        <div>\n                            Project management\n                        <\/div>\n                        <div>\n                            Prof. Dr. med. Alena Buyx\n                        <\/div>\n                    <\/td>\n                                                    <td class=\"zeitraum\">\n                        <div>\n                            Period\n                        <\/div>\n                        <div>\n                            01\/10\/2022 - 30\/09\/2027\n                        <\/div>\n                    <\/td>\n                    <td class=\"zeitraumclass\">\n                        future\n                    <\/td>\n                                                    <td class=\"fordergeber\">\n                        <div>\n                            Funding source\n                        <\/div>\n                        <div>\n                            Horizon Europe research and innovation\n                        <\/div>\n                    <\/td>\n                    <td class=\"fordergebertxt\">\n                        Horizon Europe research and innovation\n                    <\/td>\n                    <td class=\"fordergeberclass\">\n                        horizon-europe-research-and-innovation\n                    <\/td>\n                                                                                    <td class=\"type\">\n                        <div>\n                            Project type\n                        <\/div>\n                        <div>\n                            EU consortium\n                        <\/div>\n                    <\/td>\n                    <td class=\"typetxt\">\n                        EU consortium\n                    <\/td>\n                    <td class=\"typeclass\">\n                        eu consortium\n                    <\/td>\n                                                    <td class=\"themen\">\n                        <div>\n                            Topics\n                        <\/div>\n                        <div>\n                            ethics, oncology, health care services, computer science, artificial intelligence, design, personalized medicine\n                        <\/div>\n                    <\/td>\n                                                    <td class=\"link\">\n                        <a href=\"http:\/\/get.med.tum.de\/en\/research-projects\/4d-picture-design-based-data-driven-decision-support-tools-for-improving-cancer-care\/\">\n                            more info\n                        <\/a>\n                    <\/td>\n                            <\/tr>\n                                <tr class=\"tum-research-item past bavarian-research-institute-for-digital-transformation-bidt joint-project\">\n                <td class=\"title\">\n                    RR-AI - Responsible robotics in elderly care\n                <\/td>\n                <td class=\"description\">\n                    \n                <\/td>\n                <td class=\"teaserimg\">\n                    <img decoding=\"async\" src=\"https:\/\/get.med.tum.de\/wp-content\/uploads\/2024\/03\/ai-generated-8618295_1280-300x169.jpg\">\n                <\/td>\n                                    <td class=\"projektleitung\">\n                        <div>\n                            Project management\n                        <\/div>\n                        <div>\n                            Prof. Dr. med. Alena Buyx\n                        <\/div>\n                    <\/td>\n                                                    <td class=\"zeitraum\">\n                        <div>\n                            Period\n                        <\/div>\n                        <div>\n                            01.01.2020-30.06.2023\n                        <\/div>\n                    <\/td>\n                    <td class=\"zeitraumclass\">\n                        past\n                    <\/td>\n                                                    <td class=\"fordergeber\">\n                        <div>\n                            Funding source\n                        <\/div>\n                        <div>\n                            Bavarian Research Institute for Digital Transformation (bidt)\n                        <\/div>\n                    <\/td>\n                    <td class=\"fordergebertxt\">\n                        Bavarian Research Institute for Digital Transformation (bidt)\n                    <\/td>\n                    <td class=\"fordergeberclass\">\n                        bavarian-research-institute-for-digital-transformation-bidt\n                    <\/td>\n                                                    <td class=\"foerdervolumen\">\n                        <div>\n                            Conveyor volume\n                        <\/div>\n                        <div>\n                            841,154.02 \u20ac (institute: 265,384.67 \u20ac)\n                        <\/div>\n                    <\/td>\n                                                    <td class=\"projektmitarbeiter\">\n                        <div>\n                            Project staff\n                        <\/div>\n                        <div>\n                            Daniel Tigard, Marieke Bak\n                        <\/div>\n                    <\/td>\n                                                    <td class=\"type\">\n                        <div>\n                            Project type\n                        <\/div>\n                        <div>\n                            Joint project\n                        <\/div>\n                    <\/td>\n                    <td class=\"typetxt\">\n                        Joint project\n                    <\/td>\n                    <td class=\"typeclass\">\n                        joint-project\n                    <\/td>\n                                                    <td class=\"themen\">\n                        <div>\n                            Topics\n                        <\/div>\n                        <div>\n                            ethics, robotics, artificial intelligence, elderly care, vulnerable populations\n                        <\/div>\n                    <\/td>\n                                                    <td class=\"link\">\n                        <a href=\"http:\/\/get.med.tum.de\/en\/research-projects\/rr-ai-responsible-robotics-in-elderly-care\/\">\n                            more info\n                        <\/a>\n                    <\/td>\n                            <\/tr>\n                                <tr class=\"tum-research-item past\">\n                <td class=\"title\">\n                    METHAD: towards a Medical ETHical ADvisor\n                <\/td>\n                <td class=\"description\">\n                    \n                <\/td>\n                <td class=\"teaserimg\">\n                    <img decoding=\"async\" src=\"https:\/\/get.med.tum.de\/wp-content\/uploads\/2023\/06\/methad-300x169.jpg\">\n                <\/td>\n                                    <td class=\"projektleitung\">\n                        <div>\n                            Project management\n                        <\/div>\n                        <div>\n                            Prof. Dr. med. Alena Buyx, Prof. Dr. Klaus Diepold \n                        <\/div>\n                    <\/td>\n                                                                                                                                                    <td class=\"link\">\n                        <a href=\"https:\/\/methad.github.io\/\" target=\"_blank\" rel=\"noopener\">\n                            more info\n                        <\/a>\n                    <\/td>\n                            <\/tr>\n                                <tr class=\"tum-research-item past european-unions-horizon-2020-research-and-innovation-programme eu-konsortium\">\n                <td class=\"title\">\n                    BIOMAP: Biomarkers in atopic dermatitis and psoriasis\n                <\/td>\n                <td class=\"description\">\n                    \n                <\/td>\n                <td class=\"teaserimg\">\n                    <img decoding=\"async\" src=\"https:\/\/get.med.tum.de\/wp-content\/uploads\/2022\/03\/Bild-BioMap_logo-300x229.png\">\n                <\/td>\n                                    <td class=\"projektleitung\">\n                        <div>\n                            Project management\n                        <\/div>\n                        <div>\n                            Prof. Dr. med. Alena Buyx\n                        <\/div>\n                    <\/td>\n                                                    <td class=\"zeitraum\">\n                        <div>\n                            Period\n                        <\/div>\n                        <div>\n                            01.04.2019 - 31.03.2025\n                        <\/div>\n                    <\/td>\n                    <td class=\"zeitraumclass\">\n                        past\n                    <\/td>\n                                                    <td class=\"fordergeber\">\n                        <div>\n                            Funding source\n                        <\/div>\n                        <div>\n                            European Union's Horizon 2020 research and innovation program\n                        <\/div>\n                    <\/td>\n                    <td class=\"fordergebertxt\">\n                        European Union's Horizon 2020 research and innovation program\n                    <\/td>\n                    <td class=\"fordergeberclass\">\n                        european-unions-horizon-2020-research-and-innovation-programs\n                    <\/td>\n                                                    <td class=\"foerdervolumen\">\n                        <div>\n                            Conveyor volume\n                        <\/div>\n                        <div>\n                             Consortium 10.400.000\u20ac, Ethics subproject: 185.000\u20ac.\n                        <\/div>\n                    <\/td>\n                                                    <td class=\"projektmitarbeiter\">\n                        <div>\n                            Project staff\n                        <\/div>\n                        <div>\n                            Marie-Christine Fritzsche\n                        <\/div>\n                    <\/td>\n                                                    <td class=\"type\">\n                        <div>\n                            Project type\n                        <\/div>\n                        <div>\n                            EU consortium\n                        <\/div>\n                    <\/td>\n                    <td class=\"typetxt\">\n                        EU consortium\n                    <\/td>\n                    <td class=\"typeclass\">\n                        eu consortium\n                    <\/td>\n                                                    <td class=\"themen\">\n                        <div>\n                            Topics\n                        <\/div>\n                        <div>\n                            Biomarkers, molecular profiling, advanced modeling, disease maps, endotypes.\n                        <\/div>\n                    <\/td>\n                                                    <td class=\"link\">\n                        <a href=\"http:\/\/get.med.tum.de\/en\/research-projects\/biomap-biomarkers-in-atopic-dermatitis-and-psoriasis\/\">\n                            more info\n                        <\/a>\n                    <\/td>\n                            <\/tr>\n                                <tr class=\"tum-research-item past bmbf-bundesministerium-fr-bildung-und-forschung verbundprojekt\">\n                <td class=\"title\">\n                    SolPan - Solidarity in times of a pandemic?\n                <\/td>\n                <td class=\"description\">\n                    \n                <\/td>\n                <td class=\"teaserimg\">\n                    <img decoding=\"async\" src=\"https:\/\/get.med.tum.de\/wp-content\/uploads\/2022\/03\/Bild_SolPan_kl-300x169.jpg\">\n                <\/td>\n                                    <td class=\"projektleitung\">\n                        <div>\n                            Project management\n                        <\/div>\n                        <div>\n                            Prof. Dr. med. Alena Buyx, Dr. Nora Hangel, Dr. Bettina Zimmermann, Franziska Sch\u00f6nweitz, M.Sc., M.A.\n                        <\/div>\n                    <\/td>\n                                                    <td class=\"zeitraum\">\n                        <div>\n                            Period\n                        <\/div>\n                        <div>\n                            01.04.2020 - 31.12.2022 (BMBF funding period: 01.07.2020-31.12.2021)\n                        <\/div>\n                    <\/td>\n                    <td class=\"zeitraumclass\">\n                        past\n                    <\/td>\n                                                    <td class=\"fordergeber\">\n                        <div>\n                            Funding source\n                        <\/div>\n                        <div>\n                            BMBF - Federal Ministry of Education and Research\n                        <\/div>\n                    <\/td>\n                    <td class=\"fordergebertxt\">\n                        BMBF - Federal Ministry of Education and Research\n                    <\/td>\n                    <td class=\"fordergeberclass\">\n                        bmbf-federal-ministry-of-fr-education-and-research\n                    <\/td>\n                                                    <td class=\"foerdervolumen\">\n                        <div>\n                            Conveyor volume\n                        <\/div>\n                        <div>\n                            153.000\u20ac \n                        <\/div>\n                    <\/td>\n                                                    <td class=\"projektmitarbeiter\">\n                        <div>\n                            Project staff\n                        <\/div>\n                        <div>\n                            Stuart McLennan, Amelia Fiske, Ania Sierawska\n                        <\/div>\n                    <\/td>\n                                                    <td class=\"type\">\n                        <div>\n                            Project type\n                        <\/div>\n                        <div>\n                            Joint project\n                        <\/div>\n                    <\/td>\n                    <td class=\"typetxt\">\n                        Joint project\n                    <\/td>\n                    <td class=\"typeclass\">\n                        joint project\n                    <\/td>\n                                                    <td class=\"themen\">\n                        <div>\n                            Topics\n                        <\/div>\n                        <div>\n                            Solidarity, public health, compliance, technology, mask\n                        <\/div>\n                    <\/td>\n                                                    <td class=\"link\">\n                        <a href=\"http:\/\/get.med.tum.de\/en\/research-projects\/solpan-solidaritaet-in-zeiten-einer-pandemie\/\">\n                            more info\n                        <\/a>\n                    <\/td>\n                            <\/tr>\n                                <tr class=\"tum-research-item past max-planck-gesellschaft- verbundprojekt\">\n                <td class=\"title\">\n                    Brain Research at Institutes of the Kaiser Wilhelm Society in the Context of National Socialist Injustice: Brain Preparations in Institutes of the Max Planck Society and the Identification of Victims.\n                <\/td>\n                <td class=\"description\">\n                    \n                <\/td>\n                <td class=\"teaserimg\">\n                    <img decoding=\"async\" src=\"https:\/\/get.med.tum.de\/wp-content\/uploads\/2022\/02\/Abb.-2_-Hirnpathologisches-Institut-der-DFA-300x172.jpg\">\n                <\/td>\n                                    <td class=\"projektleitung\">\n                        <div>\n                            Project management\n                        <\/div>\n                        <div>\n                            Philipp Rauh, M.A.\n                        <\/div>\n                    <\/td>\n                                                    <td class=\"zeitraum\">\n                        <div>\n                            Period\n                        <\/div>\n                        <div>\n                            01.07.2017\u201330.06.2026\n                        <\/div>\n                    <\/td>\n                    <td class=\"zeitraumclass\">\n                        past\n                    <\/td>\n                                                    <td class=\"fordergeber\">\n                        <div>\n                            Funding source\n                        <\/div>\n                        <div>\n                            Max Planck Society \n                        <\/div>\n                    <\/td>\n                    <td class=\"fordergebertxt\">\n                        Max Planck Society \n                    <\/td>\n                    <td class=\"fordergeberclass\">\n                        max planck society-\n                    <\/td>\n                                                    <td class=\"foerdervolumen\">\n                        <div>\n                            Conveyor volume\n                        <\/div>\n                        <div>\n                            Total project: 4.200.000\u20ac, subproject IGEM: approx. 1.340.000\u20ac.\n                        <\/div>\n                    <\/td>\n                                                    <td class=\"projektmitarbeiter\">\n                        <div>\n                            Project staff\n                        <\/div>\n                        <div>\n                            Maximilian Bushman\n                        <\/div>\n                    <\/td>\n                                                    <td class=\"type\">\n                        <div>\n                            Project type\n                        <\/div>\n                        <div>\n                            Joint project\n                        <\/div>\n                    <\/td>\n                    <td class=\"typetxt\">\n                        Joint project\n                    <\/td>\n                    <td class=\"typeclass\">\n                        joint project\n                    <\/td>\n                                                    <td class=\"themen\">\n                        <div>\n                            Topics\n                        <\/div>\n                        <div>\n                            Nazi \"euthanasia\", brain research, politics of the past, victim research\n                        <\/div>\n                    <\/td>\n                                                    <td class=\"link\">\n                        <a href=\"http:\/\/get.med.tum.de\/en\/research-projects\/hirnforschung-an-instituten-der-kaiser-wilhelm-gesellschaft-im-kontext-nationalsozialistischer-unrechtstaten-hirnpra%cc%88parate-in-instituten-der-max-planck-gesellschaft-und-die-identifizierung-der\/\">\n                            more info\n                        <\/a>\n                    <\/td>\n                            <\/tr>\n                                <tr class=\"tum-research-item past sonderprogramm-zur-frderung-der-corona-forschung-bayerische-ministerrat drittmittelprojekt\">\n                <td class=\"title\">\n                    First the hammer, now the dance: examining risks, values, and other decision factors in dealing with the Covid 19 pandemic in Bavaria.\n                <\/td>\n                <td class=\"description\">\n                    \n                <\/td>\n                <td class=\"teaserimg\">\n                    <img decoding=\"async\" src=\"https:\/\/get.med.tum.de\/wp-content\/uploads\/2022\/02\/iStock-1299101856_Hammer-dance-300x200.jpeg\">\n                <\/td>\n                                    <td class=\"projektleitung\">\n                        <div>\n                            Project management\n                        <\/div>\n                        <div>\n                            Dr. Amelia Fiske\n                        <\/div>\n                    <\/td>\n                                                    <td class=\"zeitraum\">\n                        <div>\n                            Period\n                        <\/div>\n                        <div>\n                            01.09.2020-31.10.2021\n                        <\/div>\n                    <\/td>\n                    <td class=\"zeitraumclass\">\n                        past\n                    <\/td>\n                                                    <td class=\"fordergeber\">\n                        <div>\n                            Funding source\n                        <\/div>\n                        <div>\n                            Special program for the promotion of corona research, Bavarian Council of Ministers\n                        <\/div>\n                    <\/td>\n                    <td class=\"fordergebertxt\">\n                        Special program for the promotion of corona research, Bavarian Council of Ministers\n                    <\/td>\n                    <td class=\"fordergeberclass\">\n                        special-program-for-the-funding-of-corona-research-bavarian-council-of-ministers\n                    <\/td>\n                                                    <td class=\"foerdervolumen\">\n                        <div>\n                            Conveyor volume\n                        <\/div>\n                        <div>\n                            40.000,00\u20ac\n                        <\/div>\n                    <\/td>\n                                                    <td class=\"projektmitarbeiter\">\n                        <div>\n                            Project staff\n                        <\/div>\n                        <div>\n                            Johannes Lange, Stuart McLennan, Alena Buyx\r\n\n                        <\/div>\n                    <\/td>\n                                                    <td class=\"type\">\n                        <div>\n                            Project type\n                        <\/div>\n                        <div>\n                            Third-party funded project\n                        <\/div>\n                    <\/td>\n                    <td class=\"typetxt\">\n                        Third-party funded project\n                    <\/td>\n                    <td class=\"typeclass\">\n                        third party project\n                    <\/td>\n                                                    <td class=\"themen\">\n                        <div>\n                            Topics\n                        <\/div>\n                        <div>\n                            Covid-19; pandemic; Bavaria; public health; health policy.\n                        <\/div>\n                    <\/td>\n                                                    <td class=\"link\">\n                        <a href=\"http:\/\/get.med.tum.de\/en\/research-projects\/erst-der-hammer-jetzt-der-tanz-untersuchung-von-risiken-werten-und-anderen-entscheidungsfaktoren-im-umgang-mit-der-covid-19-pandemie-in-bayern\/\">\n                            more info\n                        <\/a>\n                    <\/td>\n                            <\/tr>\n                                <tr class=\"tum-research-item past sonderprogramm-zur-frderung-der-corona-forschung-bayerische-ministerrat- drittmittelprojekt\">\n                <td class=\"title\">\n                    Ethical recommendations for sharing COVID-19 data by Bavarian health care organizations.\n                <\/td>\n                <td class=\"description\">\n                    \n                <\/td>\n                <td class=\"teaserimg\">\n                    <img decoding=\"async\" src=\"https:\/\/get.med.tum.de\/wp-content\/uploads\/2022\/02\/iStock-873055760-300x169.jpg\">\n                <\/td>\n                                    <td class=\"projektleitung\">\n                        <div>\n                            Project management\n                        <\/div>\n                        <div>\n                            PD Dr. Stuart McLennan\n                        <\/div>\n                    <\/td>\n                                                    <td class=\"zeitraum\">\n                        <div>\n                            Period\n                        <\/div>\n                        <div>\n                            01.09.2020-31.10.2021\n                        <\/div>\n                    <\/td>\n                    <td class=\"zeitraumclass\">\n                        past\n                    <\/td>\n                                                    <td class=\"fordergeber\">\n                        <div>\n                            Funding source\n                        <\/div>\n                        <div>\n                            Special program for the promotion of corona research, Bavarian Council of Ministers \n                        <\/div>\n                    <\/td>\n                    <td class=\"fordergebertxt\">\n                        Special program for the promotion of corona research, Bavarian Council of Ministers \n                    <\/td>\n                    <td class=\"fordergeberclass\">\n                        special-program-for-the-funding-of-corona-research-bavarian-ministerial-council-\n                    <\/td>\n                                                    <td class=\"foerdervolumen\">\n                        <div>\n                            Conveyor volume\n                        <\/div>\n                        <div>\n                            40.000,00\u20ac\n                        <\/div>\n                    <\/td>\n                                                    <td class=\"projektmitarbeiter\">\n                        <div>\n                            Project staff\n                        <\/div>\n                        <div>\n                            Johannes Lange, Amelia Fiske, Alena Buyx\r\n\n                        <\/div>\n                    <\/td>\n                                                    <td class=\"type\">\n                        <div>\n                            Project type\n                        <\/div>\n                        <div>\n                            Third-party funded project\n                        <\/div>\n                    <\/td>\n                    <td class=\"typetxt\">\n                        Third-party funded project\n                    <\/td>\n                    <td class=\"typeclass\">\n                        third party project\n                    <\/td>\n                                                    <td class=\"themen\">\n                        <div>\n                            Topics\n                        <\/div>\n                        <div>\n                            Covid-19; pandemic; Bavaria; data exchange; research\n                        <\/div>\n                    <\/td>\n                                                    <td class=\"link\">\n                        <a href=\"http:\/\/get.med.tum.de\/en\/research-projects\/ethische-empfehlungen-fuer-den-austausch-von-covid-19-daten-durch-bayerische-gesundheitsorganisationen\/\">\n                            more info\n                        <\/a>\n                    <\/td>\n                            <\/tr>\n            <\/table>\n<\/div>\n<div class=\"vc_empty_space\"   style=\"height: 32px\"><span class=\"vc_empty_space_inner\"><\/span><\/div><\/div><\/div><\/div><\/div><div data-vc-full-width=\"true\" data-vc-full-width-temp=\"true\" data-vc-full-width-init=\"false\" data-vc-stretch-content=\"true\" class=\"vc_row wpb_row row vc_row-no-padding bg_default\"><div class=\"wpb_column vc_column_container col-sm-12 col-12\"><div class=\"vc_column-inner\"><div class=\"wpb_wrapper\"><div class=\"wpb-content-wrapper\"><div data-vc-full-width=\"true\" data-vc-full-width-temp=\"true\" data-vc-full-width-init=\"false\" data-vc-stretch-content=\"true\" class=\"vc_row wpb_row row vc_row-no-padding bg_default\"><div class=\"wpb_column vc_column_container col-sm-12 col-12\"><div class=\"vc_column-inner\"><div class=\"wpb_wrapper\"><div class=\"dhsv_vc_contact\">\n    <div class=\"container\">\n        <div class=\"row\">\n            <div class=\"col\">\n                <h2>\n                    Contact\n                <\/h2>\n            <\/div>\n        <\/div>\n        <div class=\"row\">\n            <div class=\"col\">\n                <p>\n                    The Institute of the History and Ethics in Medicine welcomes your contact.\n                <\/p>\n            <\/div>\n            <div class=\"col\">\n                T&nbsp;&nbsp;<a href=\"tel:498941404041\">+49 89 4140 4041<\/a><br \/>\n                M&nbsp;&nbsp;<a href=\"mailto:office.ethics@mh.tum.de\">office.ethics@mh.tum.de<\/a><br \/>\n                <br \/>\n                Mon-Thu: 9 a.m.-3 p.m., Fri: 9 a.m.-1 p.m. (core hours)\n            <\/div>\n            <div class=\"col\">\n                Ismaninger street 22<br \/>\n81675 Munich\n            <\/div>\n            <div class=\"col\">\n                <img decoding=\"async\" class=\"img-responsive\" src=\"https:\/\/get.med.tum.de\/wp-content\/uploads\/2021\/07\/Icon-TUM.png\">\n            <\/div>\n        <\/div>\n    <\/div>\n<\/div>\n<\/div><\/div><\/div><\/div><div class=\"vc_row-full-width vc_clearfix\"><\/div>\n<\/div>\n<\/div><\/div><\/div><\/div><div class=\"vc_row-full-width vc_clearfix\"><\/div>\n<\/div>","protected":false},"excerpt":{"rendered":"Projektstatus Laufende Projekte Beendete Projekte Gef\u00f6rdert durch Projekttyp Emmy-Noether-Research Group Political Philosophy and Bioethics (DFG) Projektleitung Prof. Dr. Alena Buyx Zeitraum 07\/2012 - Dez. 2020 past F\u00f6rdergeber DFG DFG dfg &hellip; <a href=\"http:\/\/get.med.tum.de\/en\/forschung\/projektuebersicht\/\">Continued<\/a>","protected":false},"author":2,"featured_media":0,"parent":22,"menu_order":0,"comment_status":"closed","ping_status":"closed","template":"","meta":{"_acf_changed":false,"footnotes":""},"class_list":["post-335","page","type-page","status-publish","hentry"],"acf":[],"yoast_head":"<!-- This site is optimized with the Yoast SEO plugin v27.4 - https:\/\/yoast.com\/product\/yoast-seo-wordpress\/ -->\n<title>Projekt\u00fcbersicht - Institut f\u00fcr Geschichte und Ethik der Medizin<\/title>\n<meta name=\"robots\" content=\"index, follow, max-snippet:-1, max-image-preview:large, max-video-preview:-1\" \/>\n<link rel=\"canonical\" href=\"https:\/\/get.med.tum.de\/en\/forschung\/projektuebersicht\/\" \/>\n<meta property=\"og:locale\" content=\"en_US\" \/>\n<meta property=\"og:type\" content=\"article\" \/>\n<meta property=\"og:title\" content=\"Projekt\u00fcbersicht - Institut f\u00fcr Geschichte und Ethik der Medizin\" \/>\n<meta property=\"og:url\" content=\"https:\/\/get.med.tum.de\/en\/forschung\/projektuebersicht\/\" \/>\n<meta property=\"og:site_name\" content=\"Institut f\u00fcr Geschichte und Ethik der Medizin\" \/>\n<meta property=\"article:publisher\" content=\"https:\/\/www.facebook.com\/TU.Muenchen\" \/>\n<meta property=\"article:modified_time\" content=\"2022-06-07T13:43:46+00:00\" \/>\n<meta name=\"twitter:card\" content=\"summary_large_image\" \/>\n<meta name=\"twitter:site\" content=\"@TU_Muenchen\" \/>\n<script type=\"application\/ld+json\" class=\"yoast-schema-graph\">{\"@context\":\"https:\\\/\\\/schema.org\",\"@graph\":[{\"@type\":\"WebPage\",\"@id\":\"https:\\\/\\\/get.med.tum.de\\\/forschung\\\/projektuebersicht\\\/\",\"url\":\"https:\\\/\\\/get.med.tum.de\\\/forschung\\\/projektuebersicht\\\/\",\"name\":\"Projekt\u00fcbersicht - Institut f\u00fcr Geschichte und Ethik der Medizin\",\"isPartOf\":{\"@id\":\"https:\\\/\\\/get.med.tum.de\\\/#website\"},\"datePublished\":\"2021-10-14T09:34:37+00:00\",\"dateModified\":\"2022-06-07T13:43:46+00:00\",\"breadcrumb\":{\"@id\":\"https:\\\/\\\/get.med.tum.de\\\/forschung\\\/projektuebersicht\\\/#breadcrumb\"},\"inLanguage\":\"en-US\",\"potentialAction\":[{\"@type\":\"ReadAction\",\"target\":[\"https:\\\/\\\/get.med.tum.de\\\/forschung\\\/projektuebersicht\\\/\"]}]},{\"@type\":\"BreadcrumbList\",\"@id\":\"https:\\\/\\\/get.med.tum.de\\\/forschung\\\/projektuebersicht\\\/#breadcrumb\",\"itemListElement\":[{\"@type\":\"ListItem\",\"position\":1,\"name\":\"Startseite\",\"item\":\"https:\\\/\\\/get.med.tum.de\\\/\"},{\"@type\":\"ListItem\",\"position\":2,\"name\":\"Forschung\",\"item\":\"https:\\\/\\\/get.med.tum.de\\\/forschung\\\/\"},{\"@type\":\"ListItem\",\"position\":3,\"name\":\"Projekt\u00fcbersicht\"}]},{\"@type\":\"WebSite\",\"@id\":\"https:\\\/\\\/get.med.tum.de\\\/#website\",\"url\":\"https:\\\/\\\/get.med.tum.de\\\/\",\"name\":\"Institut f\u00fcr Geschichte und Ethik der Medizin der Technischen Universit\u00e4t M\u00fcnchen\",\"description\":\"TU M\u00fcnchen\",\"publisher\":{\"@id\":\"https:\\\/\\\/get.med.tum.de\\\/#organization\"},\"potentialAction\":[{\"@type\":\"SearchAction\",\"target\":{\"@type\":\"EntryPoint\",\"urlTemplate\":\"https:\\\/\\\/get.med.tum.de\\\/?s={search_term_string}\"},\"query-input\":{\"@type\":\"PropertyValueSpecification\",\"valueRequired\":true,\"valueName\":\"search_term_string\"}}],\"inLanguage\":\"en-US\"},{\"@type\":\"Organization\",\"@id\":\"https:\\\/\\\/get.med.tum.de\\\/#organization\",\"name\":\"Institut f\u00fcr Geschichte und Ethik der Medizin\",\"url\":\"https:\\\/\\\/get.med.tum.de\\\/\",\"logo\":{\"@type\":\"ImageObject\",\"inLanguage\":\"en-US\",\"@id\":\"https:\\\/\\\/get.med.tum.de\\\/#\\\/schema\\\/logo\\\/image\\\/\",\"url\":\"\",\"contentUrl\":\"\",\"caption\":\"Institut f\u00fcr Geschichte und Ethik der Medizin\"},\"image\":{\"@id\":\"https:\\\/\\\/get.med.tum.de\\\/#\\\/schema\\\/logo\\\/image\\\/\"},\"sameAs\":[\"https:\\\/\\\/www.facebook.com\\\/TU.Muenchen\",\"https:\\\/\\\/x.com\\\/TU_Muenchen\",\"https:\\\/\\\/www.linkedin.com\\\/school\\\/technische-universitat-munchen\\\/\"]}]}<\/script>\n<!-- \/ Yoast SEO plugin. -->","yoast_head_json":{"title":"Project overview - Institute for the History and Ethics of Medicine","robots":{"index":"index","follow":"follow","max-snippet":"max-snippet:-1","max-image-preview":"max-image-preview:large","max-video-preview":"max-video-preview:-1"},"canonical":"https:\/\/get.med.tum.de\/en\/forschung\/projektuebersicht\/","og_locale":"en_US","og_type":"article","og_title":"Projekt\u00fcbersicht - Institut f\u00fcr Geschichte und Ethik der Medizin","og_url":"https:\/\/get.med.tum.de\/en\/forschung\/projektuebersicht\/","og_site_name":"Institut f\u00fcr Geschichte und Ethik der Medizin","article_publisher":"https:\/\/www.facebook.com\/TU.Muenchen","article_modified_time":"2022-06-07T13:43:46+00:00","twitter_card":"summary_large_image","twitter_site":"@TU_Muenchen","schema":{"@context":"https:\/\/schema.org","@graph":[{"@type":"WebPage","@id":"https:\/\/get.med.tum.de\/forschung\/projektuebersicht\/","url":"https:\/\/get.med.tum.de\/forschung\/projektuebersicht\/","name":"Project overview - Institute for the History and Ethics of Medicine","isPartOf":{"@id":"https:\/\/get.med.tum.de\/#website"},"datePublished":"2021-10-14T09:34:37+00:00","dateModified":"2022-06-07T13:43:46+00:00","breadcrumb":{"@id":"https:\/\/get.med.tum.de\/forschung\/projektuebersicht\/#breadcrumb"},"inLanguage":"en-US","potentialAction":[{"@type":"ReadAction","target":["https:\/\/get.med.tum.de\/forschung\/projektuebersicht\/"]}]},{"@type":"BreadcrumbList","@id":"https:\/\/get.med.tum.de\/forschung\/projektuebersicht\/#breadcrumb","itemListElement":[{"@type":"ListItem","position":1,"name":"Startseite","item":"https:\/\/get.med.tum.de\/"},{"@type":"ListItem","position":2,"name":"Forschung","item":"https:\/\/get.med.tum.de\/forschung\/"},{"@type":"ListItem","position":3,"name":"Projekt\u00fcbersicht"}]},{"@type":"WebSite","@id":"https:\/\/get.med.tum.de\/#website","url":"https:\/\/get.med.tum.de\/","name":"Institute for the History and Ethics of Medicine at the Technical University of Munich","description":"TU Munich","publisher":{"@id":"https:\/\/get.med.tum.de\/#organization"},"potentialAction":[{"@type":"SearchAction","target":{"@type":"EntryPoint","urlTemplate":"https:\/\/get.med.tum.de\/?s={search_term_string}"},"query-input":{"@type":"PropertyValueSpecification","valueRequired":true,"valueName":"search_term_string"}}],"inLanguage":"en-US"},{"@type":"Organization","@id":"https:\/\/get.med.tum.de\/#organization","name":"Institute of History and Ethics in Medicine","url":"https:\/\/get.med.tum.de\/","logo":{"@type":"ImageObject","inLanguage":"en-US","@id":"https:\/\/get.med.tum.de\/#\/schema\/logo\/image\/","url":"","contentUrl":"","caption":"Institut f\u00fcr Geschichte und Ethik der Medizin"},"image":{"@id":"https:\/\/get.med.tum.de\/#\/schema\/logo\/image\/"},"sameAs":["https:\/\/www.facebook.com\/TU.Muenchen","https:\/\/x.com\/TU_Muenchen","https:\/\/www.linkedin.com\/school\/technische-universitat-munchen\/"]}]}},"publishpress_future_action":{"enabled":false,"date":"2026-05-07 21:56:46","action":"change-status","newStatus":"draft","terms":[],"taxonomy":"","extraData":[]},"publishpress_future_workflow_manual_trigger":{"enabledWorkflows":[]},"_links":{"self":[{"href":"http:\/\/get.med.tum.de\/en\/wp-json\/wp\/v2\/pages\/335","targetHints":{"allow":["GET"]}}],"collection":[{"href":"http:\/\/get.med.tum.de\/en\/wp-json\/wp\/v2\/pages"}],"about":[{"href":"http:\/\/get.med.tum.de\/en\/wp-json\/wp\/v2\/types\/page"}],"author":[{"embeddable":true,"href":"http:\/\/get.med.tum.de\/en\/wp-json\/wp\/v2\/users\/2"}],"replies":[{"embeddable":true,"href":"http:\/\/get.med.tum.de\/en\/wp-json\/wp\/v2\/comments?post=335"}],"version-history":[{"count":5,"href":"http:\/\/get.med.tum.de\/en\/wp-json\/wp\/v2\/pages\/335\/revisions"}],"predecessor-version":[{"id":883,"href":"http:\/\/get.med.tum.de\/en\/wp-json\/wp\/v2\/pages\/335\/revisions\/883"}],"up":[{"embeddable":true,"href":"http:\/\/get.med.tum.de\/en\/wp-json\/wp\/v2\/pages\/22"}],"wp:attachment":[{"href":"http:\/\/get.med.tum.de\/en\/wp-json\/wp\/v2\/media?parent=335"}],"curies":[{"name":"wp","href":"https:\/\/api.w.org\/{rel}","templated":true}]}}